{"id":298,"date":"2015-08-28T09:13:01","date_gmt":"2015-08-28T07:13:01","guid":{"rendered":"http:\/\/www.sosw.elblag.com.pl\/wordpress\/?page_id=298"},"modified":"2024-12-12T09:28:18","modified_gmt":"2024-12-12T08:28:18","slug":"zajecia-rewalidacyjne","status":"publish","type":"page","link":"https:\/\/www.sosw.elblag.com.pl\/index.php\/osrodek\/oferta-ksztalcenia\/zajecia-rewalidacyjne\/","title":{"rendered":"Zaj\u0119cia rewalidacyjne"},"content":{"rendered":"<hr \/>\n<p style=\"text-align: center;\"><strong><span style=\"color: #000000;\">INTEGRACJA SENSORYCZNA<\/span> <\/strong><\/p>\n<p style=\"text-align: justify;\">Zaburzenia przetwarzania sensorycznego to brak umiej\u0119tno\u015bci wykorzystywania informacji otrzymywanych przez zmys\u0142y w celu p\u0142ynnego, codziennego funkcjonowania. Zaburzenia przetwarzania sensorycznego obejmuj\u0105 trzy g\u0142\u00f3wne kategorie (zaburzenie modulacji sensorycznej, zaburzenie dyskryminacji sensorycznej i zaburzenie motoryczne o podstawie sensorycznej). Do zaburze\u0144 przetwarzania sensorycznego dochodzi w centralnym uk\u0142adzie nerwowym, kt\u00f3rym kieruje m\u00f3zg. Je\u015bli przetwarzanie przebiega nieprawid\u0142owo, w\u00f3wczas m\u00f3zg nie jest w stanie spe\u0142ni\u0107 swojej funkcji, kt\u00f3r\u0105 jest organizacja informacji sensorycznych.<\/p>\n<p style=\"text-align: justify;\"><strong> Problemy z modulacj\u0105 sensoryczn\u0105<\/strong> dotycz\u0105 tego, w jaki spos\u00f3b dziecko reguluje swoje reakcje na wra\u017cenia.<\/p>\n<p style=\"text-align: justify;\"><strong> Problemy z dyskryminacj\u0105 sensoryczn\u0105<\/strong> przejawiaj\u0105 si\u0119 trudno\u015bciami, jakie napotyka dziecko w rozr\u00f3\u017cnianiu docieraj\u0105cych do nich wra\u017ce\u0144.<\/p>\n<p style=\"text-align: justify;\"><strong> Problemy motoryczne o pod\u0142o\u017cu sensorycznym<\/strong> ujawniaj\u0105, jak dziwne pozycje mo\u017ce przyjmowa\u0107 dziecko, jakie trudno\u015bci mo\u017ce mie\u0107 z zaplanowaniem i opracowaniem dzia\u0142ania oraz z organizacj\u0105 i sposobem poruszania w\u0142asnym cia\u0142em.<\/p>\n<hr \/>\n<p style=\"text-align: center;\"><span style=\"color: #000000;\"><strong>METODA WARNKE<\/strong><\/span><\/p>\n<p style=\"text-align: justify;\">We wrze\u015bniu 2013 r. otwarto w naszym O\u015brodku gabinet audio \u2013 psycho-\u00a0 lingwistyczny, w kt\u00f3rym prowadzi si\u0119 terapi\u0119 indywidualn\u0105 dzieci maj\u0105cych trudno\u015bci w czytaniu. Trudno\u015bci spowodowane zaburzeniami przetwarzania d\u017awi\u0119kowego wymagaj\u0105 pracy metod\u0105 <strong>Warnkego.<\/strong><\/p>\n<p style=\"text-align: justify;\">W pracy metod\u0105 <strong>Warnke<\/strong> wykorzystuje si\u0119 specjalistyczne urz\u0105dzenia <strong> Brain-Boy<\/strong> <strong>Universal Professional.<\/strong> To urz\u0105dzenia diagnostyczno \u2013 treningowe przetwarzania i spostrzegania centralnego \u2013 proces\u00f3w zachodz\u0105cych w ludzkim m\u00f3zgu. Procesy te musz\u0105 przebiega\u0107 szybko i dok\u0142adnie, aby by\u0142o mo\u017cliwe precyzyjne przetwarzanie zda\u0144 i szybka reakcja na us\u0142yszane tre\u015bci. Im lepiej wy\u0107wiczony jest m\u00f3zg w swojej pracy, tym zrozumienie tre\u015bci b\u0119dzie szybsze i \u0142atwiejsze. Poprawi si\u0119 tempo i technika czytania.<\/p>\n<p style=\"text-align: justify;\">Dodatkowo gabinet zosta\u0142 wyposa\u017cony w zestaw do testu przesiewowego umiej\u0119tno\u015bci dalekiego widzenia przestrzennego, dr\u0105\u017cek do balansowania \u0107wicz\u0105cy koordynacj\u0119 wzrokowo \u2013 ruchow\u0105, a tak\u017ce Stereotest Langa II do badania umiej\u0119tno\u015bci widzenia stereoskopowego u dzieci i ma\u0142ych dzieci.<\/p>\n<p><u> Fundatorem sprz\u0119tu jest Lions Club Truso Elbl\u0105g.<\/u><\/p>\n<p>Terapeutkami uprawnionymi do pracy metod\u0105 <strong>Warnke<\/strong> s\u0105:<br \/>\n&#8211; mgr Anna Be\u0142za<\/p>\n\n\t\t<style type=\"text\/css\">\n\t\t\t#gallery-1 {\n\t\t\t\tmargin: auto;\n\t\t\t}\n\t\t\t#gallery-1 .gallery-item {\n\t\t\t\tfloat: left;\n\t\t\t\tmargin-top: 10px;\n\t\t\t\ttext-align: center;\n\t\t\t\twidth: 33%;\n\t\t\t}\n\t\t\t#gallery-1 img {\n\t\t\t\tborder: 2px solid #cfcfcf;\n\t\t\t}\n\t\t\t#gallery-1 .gallery-caption {\n\t\t\t\tmargin-left: 0;\n\t\t\t}\n\t\t\t\/* see gallery_shortcode() in wp-includes\/media.php *\/\n\t\t<\/style>\n\t\t<div id='gallery-1' class='gallery galleryid-298 gallery-columns-3 gallery-size-thumbnail'><dl class='gallery-item'>\n\t\t\t<dt class='gallery-icon landscape'>\n\t\t\t\t<a title=\"METODA WARNKE\" href='https:\/\/www.sosw.elblag.com.pl\/index.php\/osrodek\/oferta-ksztalcenia\/zajecia-rewalidacyjne\/zr_warenke_1\/'><img loading=\"lazy\" decoding=\"async\" width=\"200\" height=\"200\" src=\"https:\/\/www.sosw.elblag.com.pl\/wp-content\/uploads\/2015\/08\/zr_warenke_1-200x200.jpg\" class=\"attachment-thumbnail size-thumbnail\" alt=\"METODA WARNKE\" \/><\/a>\n\t\t\t<\/dt><\/dl><dl class='gallery-item'>\n\t\t\t<dt class='gallery-icon landscape'>\n\t\t\t\t<a title=\"METODA WARNKE\" href='https:\/\/www.sosw.elblag.com.pl\/index.php\/osrodek\/oferta-ksztalcenia\/zajecia-rewalidacyjne\/zr_warenke_2\/'><img loading=\"lazy\" decoding=\"async\" width=\"200\" height=\"200\" src=\"https:\/\/www.sosw.elblag.com.pl\/wp-content\/uploads\/2015\/08\/zr_warenke_2-200x200.jpg\" class=\"attachment-thumbnail size-thumbnail\" alt=\"METODA WARNKE\" \/><\/a>\n\t\t\t<\/dt><\/dl><dl class='gallery-item'>\n\t\t\t<dt class='gallery-icon landscape'>\n\t\t\t\t<a title=\"METODA WARNKE\" href='https:\/\/www.sosw.elblag.com.pl\/index.php\/osrodek\/oferta-ksztalcenia\/zajecia-rewalidacyjne\/zr_warenke_3\/'><img loading=\"lazy\" decoding=\"async\" width=\"200\" height=\"200\" src=\"https:\/\/www.sosw.elblag.com.pl\/wp-content\/uploads\/2015\/08\/zr_warenke_3-200x200.jpg\" class=\"attachment-thumbnail size-thumbnail\" alt=\"METODA WARNKE\" \/><\/a>\n\t\t\t<\/dt><\/dl><br style=\"clear: both\" \/>\n\t\t<\/div>\n\n<hr \/>\n<p style=\"text-align: center;\"><span style=\"color: #000000;\"><strong>STYMULACJA POLISENSORYCZNA<\/strong><\/span><\/p>\n<p style=\"text-align: justify;\">\u201ePoranny kr\u0105g\u201d mo\u017cna okre\u015bli\u0107 jako stymulacj\u0119 polisensoryczn\u0105, czyli wielozmys\u0142ow\u0105, wed\u0142ug p\u00f3r roku. Obejmuje swym zasi\u0119giem wszystkie zmys\u0142y cz\u0142owieka, a wi\u0119c zmys\u0142y \u201ebliskie\u201d, tj.: smak, w\u0119ch, dotyk oraz \u201edalekie\u201d, tj.: wzrok, s\u0142uch. Celem zaj\u0119\u0107 jest spotkanie terapeuty i dziecka oraz dzieci ze sob\u0105 nawzajem, oparte na budowaniu zaufania i poczucia bezpiecze\u0144stwa. Podstaw\u0105 tworzenia programu \u201eporannego kr\u0119gu\u201d jest \u015bwiat przyrody. Jest on \u017ar\u00f3d\u0142em podstawowych symboli: \u017cywio\u0142\u00f3w, barw, zapach\u00f3w, smak\u00f3w, wra\u017ce\u0144 dotykowych i termicznych.<\/p>\n\n\t\t<style type=\"text\/css\">\n\t\t\t#gallery-2 {\n\t\t\t\tmargin: auto;\n\t\t\t}\n\t\t\t#gallery-2 .gallery-item {\n\t\t\t\tfloat: left;\n\t\t\t\tmargin-top: 10px;\n\t\t\t\ttext-align: center;\n\t\t\t\twidth: 50%;\n\t\t\t}\n\t\t\t#gallery-2 img {\n\t\t\t\tborder: 2px solid #cfcfcf;\n\t\t\t}\n\t\t\t#gallery-2 .gallery-caption {\n\t\t\t\tmargin-left: 0;\n\t\t\t}\n\t\t\t\/* see gallery_shortcode() in wp-includes\/media.php *\/\n\t\t<\/style>\n\t\t<div id='gallery-2' class='gallery galleryid-298 gallery-columns-2 gallery-size-thumbnail'><dl class='gallery-item'>\n\t\t\t<dt class='gallery-icon landscape'>\n\t\t\t\t<a title=\"STYMULACJA POLISENSORYCZNA\" href='https:\/\/www.sosw.elblag.com.pl\/index.php\/osrodek\/oferta-ksztalcenia\/zajecia-rewalidacyjne\/zr_stymulacjapolisensoryczna_2\/'><img loading=\"lazy\" decoding=\"async\" width=\"200\" height=\"200\" src=\"https:\/\/www.sosw.elblag.com.pl\/wp-content\/uploads\/2015\/08\/zr_stymulacjapolisensoryczna_2-200x200.jpg\" class=\"attachment-thumbnail size-thumbnail\" alt=\"STYMULACJA POLISENSORYCZNA\" \/><\/a>\n\t\t\t<\/dt><\/dl><dl class='gallery-item'>\n\t\t\t<dt class='gallery-icon landscape'>\n\t\t\t\t<a title=\"STYMULACJA POLISENSORYCZNA\" href='https:\/\/www.sosw.elblag.com.pl\/index.php\/osrodek\/oferta-ksztalcenia\/zajecia-rewalidacyjne\/zr_stymulacjapolisensoryczna_1\/'><img loading=\"lazy\" decoding=\"async\" width=\"200\" height=\"200\" src=\"https:\/\/www.sosw.elblag.com.pl\/wp-content\/uploads\/2015\/08\/zr_stymulacjapolisensoryczna_1-200x200.jpg\" class=\"attachment-thumbnail size-thumbnail\" alt=\"STYMULACJA POLISENSORYCZNA\" \/><\/a>\n\t\t\t<\/dt><\/dl><br style=\"clear: both\" \/>\n\t\t<\/div>\n\n<hr \/>\n<p style=\"text-align: center;\"><span style=\"color: #000000;\"><strong>BIOFEEDBACK<\/strong><\/span><\/p>\n<p style=\"text-align: justify;\">RSA Biofeedback &#8211; to skuteczna metoda terapeutyczno \u2013 treningowa polegaj\u0105ca na wypracowaniu oddychania przeponowo &#8211; relaksacyjnego z wykorzystaniem, jako sygna\u0142u sprz\u0119\u017cenia zwrotnego, zmian parametr\u00f3w RSA (respiratory sinus arrytmia), czyli r\u00f3\u017cnicy mi\u0119dzy pulsem na wdechu i wydechu. Regulacja oddechu z prac\u0105 serca wp\u0142ywa pozytywnie na zdrowie i kondycj\u0119 oraz stabilizuje stan emocjonalny.<\/p>\n<p style=\"text-align: justify;\">Trening EEG Biofeedback polega na uczeniu si\u0119 samodzielnej regulacji wybranych fal m\u00f3zgowych. Podczas treningu zwi\u0119ksza si\u0119 generacj\u0119 fal, kt\u00f3rych jest za ma\u0142o i jednocze\u015bnie hamuje si\u0119 fale niepotrzebne, kt\u00f3rych jest zbyt du\u017co. Efektem treningu jest: lepsza koncentracja uwagi i pami\u0119\u0107, wzrost kreatywno\u015bci, szybsze uczenie si\u0119, wi\u0119ksza odporno\u015b\u0107 na stres, poprawa samopoczucia, zahamowanie l\u0119k\u00f3w, tremy oraz lepsza integracja umys\u0142u i cia\u0142a.<\/p>\n\n\t\t<style type=\"text\/css\">\n\t\t\t#gallery-3 {\n\t\t\t\tmargin: auto;\n\t\t\t}\n\t\t\t#gallery-3 .gallery-item {\n\t\t\t\tfloat: left;\n\t\t\t\tmargin-top: 10px;\n\t\t\t\ttext-align: center;\n\t\t\t\twidth: 100%;\n\t\t\t}\n\t\t\t#gallery-3 img {\n\t\t\t\tborder: 2px solid #cfcfcf;\n\t\t\t}\n\t\t\t#gallery-3 .gallery-caption {\n\t\t\t\tmargin-left: 0;\n\t\t\t}\n\t\t\t\/* see gallery_shortcode() in wp-includes\/media.php *\/\n\t\t<\/style>\n\t\t<div id='gallery-3' class='gallery galleryid-298 gallery-columns-1 gallery-size-thumbnail'><dl class='gallery-item'>\n\t\t\t<dt class='gallery-icon portrait'>\n\t\t\t\t<a title=\"BIOFEEDBACK\" href='https:\/\/www.sosw.elblag.com.pl\/index.php\/osrodek\/oferta-ksztalcenia\/zajecia-rewalidacyjne\/zr_biofeedback\/'><img loading=\"lazy\" decoding=\"async\" width=\"200\" height=\"200\" src=\"https:\/\/www.sosw.elblag.com.pl\/wp-content\/uploads\/2015\/08\/zr_biofeedback-200x200.jpg\" class=\"attachment-thumbnail size-thumbnail\" alt=\"BIOFEEDBACK\" \/><\/a>\n\t\t\t<\/dt><\/dl><br style=\"clear: both\" \/>\n\t\t<\/div>\n\n<hr \/>\n<p style=\"text-align: center;\"><span style=\"color: #000000;\"><strong>TERAPIA R\u0118KI<\/strong><\/span><\/p>\n<p style=\"text-align: justify;\"><span style=\"color: #000000;\">Terapia r\u0119ki to zaj\u0119cia przeznaczone dla dzieci, kt\u00f3re nie potrafi\u0105 wykonywa\u0107 prawid\u0142owo czynno\u015bci przy u\u017cyciu d\u0142oni; nie potrafi\u0105 kontrolowa\u0107 ruch\u00f3w r\u0105k, a tak\u017ce dla dzieci, kt\u00f3re maj\u0105 obni\u017cone b\u0105d\u017a podwy\u017cszone napi\u0119cie mi\u0119\u015bniowe w obr\u0119bie ko\u0144czyny g\u00f3rnej i obr\u0119czy barkowej. Zaj\u0119cia terapeutyczne poprawiaj\u0105 sprawno\u015b\u0107 ma\u0142ej motoryki, ucz\u0105 r\u00f3wnie\u017c koncentracji, poprawiaj\u0105 chwyt dziecka, wspomagaj\u0105 utrzymywanie prawid\u0142owej postawy, poprawiaj\u0105 percepcj\u0119 wzrokow\u0105, a tak\u017ce og\u00f3ln\u0105 sprawno\u015b\u0107 ruchow\u0105. <strong>Precyzyjne ruchy r\u0105k nale\u017c\u0105 do najbardziej skomplikowanych ruch\u00f3w. Od rozwoju motoryki ma\u0142ej zale\u017cny jest pomy\u015blny rozw\u00f3j umiej\u0119tno\u015bci samoobs\u0142ugi, rysowania, pisania i artykulacji, a tak\u017ce szeroko poj\u0119tej komunikacji.<\/strong><\/span><\/p>\n\n\t\t<style type=\"text\/css\">\n\t\t\t#gallery-4 {\n\t\t\t\tmargin: auto;\n\t\t\t}\n\t\t\t#gallery-4 .gallery-item {\n\t\t\t\tfloat: left;\n\t\t\t\tmargin-top: 10px;\n\t\t\t\ttext-align: center;\n\t\t\t\twidth: 100%;\n\t\t\t}\n\t\t\t#gallery-4 img {\n\t\t\t\tborder: 2px solid #cfcfcf;\n\t\t\t}\n\t\t\t#gallery-4 .gallery-caption {\n\t\t\t\tmargin-left: 0;\n\t\t\t}\n\t\t\t\/* see gallery_shortcode() in wp-includes\/media.php *\/\n\t\t<\/style>\n\t\t<div id='gallery-4' class='gallery galleryid-298 gallery-columns-1 gallery-size-thumbnail'><dl class='gallery-item'>\n\t\t\t<dt class='gallery-icon portrait'>\n\t\t\t\t<a title=\"TERAPIA R\u0118KI\" href='https:\/\/www.sosw.elblag.com.pl\/index.php\/osrodek\/oferta-ksztalcenia\/zajecia-rewalidacyjne\/zr_terapia-reki\/'><img loading=\"lazy\" decoding=\"async\" width=\"200\" height=\"200\" src=\"https:\/\/www.sosw.elblag.com.pl\/wp-content\/uploads\/2015\/08\/zr_terapia-reki-200x200.jpg\" class=\"attachment-thumbnail size-thumbnail\" alt=\"TERAPIA R\u0118KI\" \/><\/a>\n\t\t\t<\/dt><\/dl><br style=\"clear: both\" \/>\n\t\t<\/div>\n\n<hr \/>\n<p style=\"text-align: center;\"><span style=\"color: #000000;\"><strong>KOMUNIKACJA ALTERNATYWNA I WSPOMAGAJ\u0104CA<\/strong><\/span><\/p>\n<p style=\"text-align: justify;\">Wspomagaj\u0105ce i alternatywne sposoby porozumiewania si\u0119 to systemy komunikacji zast\u0119pczej. Stosowane s\u0105 w przypadku os\u00f3b niezdolnych do komunikacji z u\u017cyciem mowy werbalnej lub tych, kt\u00f3rych mowa nie jest w pe\u0142ni zrozumia\u0142a.<\/p>\n<p style=\"text-align: justify;\">R\u00f3wnie\u017c pewna grupa naszych uczni\u00f3w nie jest w stanie w pe\u0142ni opanowa\u0107 mowy. Dlatego w O\u015brodku wykorzystuje si\u0119 wybrane systemy komunikacji alternatywnej:<br \/>\n&#8211;\u00a0\u00a0\u00a0\u00a0\u00a0\u00a0\u00a0 graficzne \u2013 Piktogramy i PCS,<br \/>\n&#8211;\u00a0\u00a0\u00a0\u00a0\u00a0\u00a0\u00a0 manualne \u2013 gesty z systemu Makaton.<\/p>\n<p style=\"text-align: justify;\">Zastosowanie takich \u015brodk\u00f3w w komunikacji ma dwojaki cel:<br \/>\n&#8211;\u00a0\u00a0\u00a0\u00a0\u00a0\u00a0\u00a0 wzmocni\u0107 i uzupe\u0142ni\u0107 mow\u0119,<br \/>\n&#8211;\u00a0\u00a0\u00a0\u00a0\u00a0\u00a0\u00a0 gwarantowa\u0107 zast\u0119pczy spos\u00f3b porozumiewania si\u0119.<\/p>\n<p style=\"text-align: justify;\">Komunikacja alternatywna i wspomagaj\u0105ca pozwala dzieciom uporz\u0105dkowa\u0107 ich \u015bwiat. PSC-y wykorzystywane s\u0105 do strukturalizacji czasu (przebiegu zaj\u0119\u0107) oraz przestrzeni (oznaczenie pomieszcze\u0144 w szkole oraz przestrzeni).<\/p>\n<hr \/>\n<p align=\"center\"><strong><span style=\"color: #000000;\">ZAJ\u0118CIA LOGOPEDYCZNE<\/span><br \/>\n<\/strong><\/p>\n<p style=\"text-align: justify;\" align=\"justify\"><span style=\"color: #000000;\">Dotycz\u0105 kszta\u0142towania prawid\u0142owej mowy, czyli dbanie o jej prawid\u0142owy i jak najlepszy rozw\u00f3j oraz doskonalenie mowy ju\u017c ukszta\u0142towanej, usuwanie wad wymowy, nauczanie mowy, usuwanie zaburze\u0144 g\u0142osu.<\/span><\/p>\n<p style=\"text-align: justify;\"><span style=\"color: #000000;\">Zaj\u0119ciami logopedycznymi obj\u0119ci s\u0105 uczniowie szko\u0142y podstawowej i gimnazjum.<\/span><\/p>\n\n\t\t<style type=\"text\/css\">\n\t\t\t#gallery-5 {\n\t\t\t\tmargin: auto;\n\t\t\t}\n\t\t\t#gallery-5 .gallery-item {\n\t\t\t\tfloat: left;\n\t\t\t\tmargin-top: 10px;\n\t\t\t\ttext-align: center;\n\t\t\t\twidth: 100%;\n\t\t\t}\n\t\t\t#gallery-5 img {\n\t\t\t\tborder: 2px solid #cfcfcf;\n\t\t\t}\n\t\t\t#gallery-5 .gallery-caption {\n\t\t\t\tmargin-left: 0;\n\t\t\t}\n\t\t\t\/* see gallery_shortcode() in wp-includes\/media.php *\/\n\t\t<\/style>\n\t\t<div id='gallery-5' class='gallery galleryid-298 gallery-columns-1 gallery-size-thumbnail'><dl class='gallery-item'>\n\t\t\t<dt class='gallery-icon landscape'>\n\t\t\t\t<a title=\"ZAJ\u0118CIA LOGOPEDYCZNE\" href='https:\/\/www.sosw.elblag.com.pl\/index.php\/osrodek\/oferta-ksztalcenia\/zajecia-rewalidacyjne\/zr_logopedyczne\/'><img loading=\"lazy\" decoding=\"async\" width=\"200\" height=\"200\" src=\"https:\/\/www.sosw.elblag.com.pl\/wp-content\/uploads\/2015\/08\/zr_logopedyczne-200x200.jpg\" class=\"attachment-thumbnail size-thumbnail\" alt=\"zaj\u0119cia logopedyczne\" \/><\/a>\n\t\t\t<\/dt><\/dl><br style=\"clear: both\" \/>\n\t\t<\/div>\n\n<hr \/>\n<p align=\"center\"><strong><span style=\"color: #000000;\">ZAJ\u0118CIA KOREKCYJNO &#8211; KOMPENSACYJNE I DYDAKTYCZNO &#8211; WYR\u00d3WNAWCZE<\/span><br \/>\n<\/strong><\/p>\n<p align=\"justify\"><span style=\"color: #000000;\">Przeznaczone s\u0105 dla uczni\u00f3w ze szczeg\u00f3lnymi potrzebami edukacyjnymi.<br \/>\n<\/span><\/p>\n<p align=\"justify\"><span style=\"color: #000000;\">Nauczyciele terapeuci: <\/span><\/p>\n<ul>\n<li>\n<p align=\"justify\"><span style=\"color: #000000;\">opracowuj\u0105 programy do potrzeb konkretnych dzieci, do ich indywidualnych mo\u017cliwo\u015bci rozwojowych, <\/span><\/p>\n<\/li>\n<li>\n<p align=\"justify\"><span style=\"color: #000000;\">dostosowuj\u0105 metody pracy do indywidualnych mo\u017cliwo\u015bci poznawczych dzieci, <\/span><\/p>\n<\/li>\n<li>\n<p align=\"justify\"><span style=\"color: #000000;\">dbaj\u0105 o to, aby zadania i wymagania stawiane ka\u017cdemu dziecku mie\u015bci\u0142y si\u0119 w strefie jego najbli\u017cszego rozwoju, <\/span><\/p>\n<\/li>\n<li>\n<p align=\"justify\"><span style=\"color: #000000;\">wiedz\u0105, \u017ce w centrum zaj\u0119\u0107 jest konkretny ucze\u0144, a ich celem jest korekta jego rozwoju, <\/span><\/p>\n<\/li>\n<li>\n<p align=\"justify\"><span style=\"color: #000000;\">koryguj\u0105 trudno\u015bci w nauce, a w szczeg\u00f3lno\u015bci doskonal\u0105 techniki czytania, pisania i liczenia, <\/span><\/p>\n<\/li>\n<li>\n<p align=\"justify\"><span style=\"color: #000066;\"><span style=\"color: #000000;\">wsp\u00f3\u0142pracuj\u0105 z nauczycielami i m\u0142odzie\u017c\u0105 w zakresie korekty niepo\u017c\u0105danych zachowa\u0144.<\/span> <\/span><\/p>\n<\/li>\n<\/ul>\n<hr \/>\n<p align=\"center\"><span style=\"color: #000000;\"><strong>GIMNASTYKA KOREKCYJNA<\/strong><\/span><\/p>\n<p align=\"justify\"><span style=\"color: #000000;\">Obj\u0119ci s\u0105 ni\u0105 uczniowie z &#8222;klas \u017cycia&#8221;, szko\u0142y podstawowej i gimnazjum (na zdj\u0119ciu). Ma ona na celu przede wszystkim: <\/span><\/p>\n<ul>\n<li><span style=\"color: #000000;\">wzmocnienie naturalnego gorsetu mi\u0119\u015bniowego naszych uczni\u00f3w, <\/span><\/li>\n<li><span style=\"color: #000000;\">korygowanie zaburze\u0144 statyki cia\u0142a oraz przeciwdzia\u0142anie ich pog\u0142\u0119bianiu si\u0119, <\/span><\/li>\n<li><span style=\"color: #000000;\">wyr\u00f3wnywanie zaburze\u0144 w rozwoju motorycznym, <\/span><\/li>\n<li><span style=\"color: #000000;\">wyrabianie nawyku prawid\u0142owej postawy cia\u0142a, <\/span><\/li>\n<li><span style=\"color: #000000;\">podniesienie og\u00f3lnej sprawno\u015bci fizycznej, poprawa ruchomo\u015bci staw\u00f3w oraz doskonalenie \u0107wicze\u0144 og\u00f3lnorozwojowych oddechowych.<\/span><\/li>\n<\/ul>\n\n\t\t<style type=\"text\/css\">\n\t\t\t#gallery-6 {\n\t\t\t\tmargin: auto;\n\t\t\t}\n\t\t\t#gallery-6 .gallery-item {\n\t\t\t\tfloat: left;\n\t\t\t\tmargin-top: 10px;\n\t\t\t\ttext-align: center;\n\t\t\t\twidth: 50%;\n\t\t\t}\n\t\t\t#gallery-6 img {\n\t\t\t\tborder: 2px solid #cfcfcf;\n\t\t\t}\n\t\t\t#gallery-6 .gallery-caption {\n\t\t\t\tmargin-left: 0;\n\t\t\t}\n\t\t\t\/* see gallery_shortcode() in wp-includes\/media.php *\/\n\t\t<\/style>\n\t\t<div id='gallery-6' class='gallery galleryid-298 gallery-columns-2 gallery-size-thumbnail'><dl class='gallery-item'>\n\t\t\t<dt class='gallery-icon landscape'>\n\t\t\t\t<a title=\"GIMNASTYKA KOREKCYJNA\" href='https:\/\/www.sosw.elblag.com.pl\/index.php\/osrodek\/oferta-ksztalcenia\/zajecia-rewalidacyjne\/gim1\/'><img loading=\"lazy\" decoding=\"async\" width=\"200\" height=\"200\" src=\"https:\/\/www.sosw.elblag.com.pl\/wp-content\/uploads\/2015\/08\/gim1-200x200.jpg\" class=\"attachment-thumbnail size-thumbnail\" alt=\"GIMNASTYKA KOREKCYJNA\" \/><\/a>\n\t\t\t<\/dt><\/dl><dl class='gallery-item'>\n\t\t\t<dt class='gallery-icon landscape'>\n\t\t\t\t<a title=\"GIMNASTYKA KOREKCYJNA\" href='https:\/\/www.sosw.elblag.com.pl\/index.php\/osrodek\/oferta-ksztalcenia\/zajecia-rewalidacyjne\/gim2\/'><img loading=\"lazy\" decoding=\"async\" width=\"200\" height=\"200\" src=\"https:\/\/www.sosw.elblag.com.pl\/wp-content\/uploads\/2015\/08\/gim2-200x200.jpg\" class=\"attachment-thumbnail size-thumbnail\" alt=\"GIMNASTYKA KOREKCYJNA\" \/><\/a>\n\t\t\t<\/dt><\/dl><br style=\"clear: both\" \/><dl class='gallery-item'>\n\t\t\t<dt class='gallery-icon landscape'>\n\t\t\t\t<a title=\"GIMNASTYKA KOREKCYJNA\" href='https:\/\/www.sosw.elblag.com.pl\/index.php\/osrodek\/oferta-ksztalcenia\/zajecia-rewalidacyjne\/gim3\/'><img loading=\"lazy\" decoding=\"async\" width=\"200\" height=\"200\" src=\"https:\/\/www.sosw.elblag.com.pl\/wp-content\/uploads\/2015\/08\/gim3-200x200.jpg\" class=\"attachment-thumbnail size-thumbnail\" alt=\"GIMNASTYKA KOREKCYJNA\" \/><\/a>\n\t\t\t<\/dt><\/dl><dl class='gallery-item'>\n\t\t\t<dt class='gallery-icon landscape'>\n\t\t\t\t<a title=\"GIMNASTYKA KOREKCYJNA\" href='https:\/\/www.sosw.elblag.com.pl\/index.php\/osrodek\/oferta-ksztalcenia\/zajecia-rewalidacyjne\/gim4\/'><img loading=\"lazy\" decoding=\"async\" width=\"200\" height=\"200\" src=\"https:\/\/www.sosw.elblag.com.pl\/wp-content\/uploads\/2015\/08\/gim4-200x200.jpg\" class=\"attachment-thumbnail size-thumbnail\" alt=\"GIMNASTYKA KOREKCYJNA\" \/><\/a>\n\t\t\t<\/dt><\/dl><br style=\"clear: both\" \/>\n\t\t<\/div>\n\n<hr \/>\n<p style=\"text-align: center;\"><strong><span style=\"color: #000000;\">ZAJ\u0118CIA HIPOTERAPII<\/span><br \/>\n<\/strong><\/p>\n<p style=\"text-align: justify;\">Prowadzona jest w naszym O\u015brodku od kilku lat. Zaj\u0119cia odbywa\u0142y si\u0119 w Gospodarstwie Agroturystycznym w Piastowie oraz w Stadninie Koni w Pag\u00f3rkach. Obecnie hipoterapi\u0105 obj\u0119tych jest ok. 30 dzieci, a zaj\u0119cia odbywaj\u0105 si\u0119 w Gospodarstwie Agroturystycznym w Wilkowie. Dzi\u0119ki tym zaj\u0119ciom mamy w naszej szkole prawdziwych d\u017cokej\u00f3w, kt\u00f3rzy prezentuj\u0105 swoje umiej\u0119tno\u015bci na Zawodach Konnych i Olimpiadach Specjalnych.<\/p>\n\n\t\t<style type=\"text\/css\">\n\t\t\t#gallery-7 {\n\t\t\t\tmargin: auto;\n\t\t\t}\n\t\t\t#gallery-7 .gallery-item {\n\t\t\t\tfloat: left;\n\t\t\t\tmargin-top: 10px;\n\t\t\t\ttext-align: center;\n\t\t\t\twidth: 33%;\n\t\t\t}\n\t\t\t#gallery-7 img {\n\t\t\t\tborder: 2px solid #cfcfcf;\n\t\t\t}\n\t\t\t#gallery-7 .gallery-caption {\n\t\t\t\tmargin-left: 0;\n\t\t\t}\n\t\t\t\/* see gallery_shortcode() in wp-includes\/media.php *\/\n\t\t<\/style>\n\t\t<div id='gallery-7' class='gallery galleryid-298 gallery-columns-3 gallery-size-thumbnail'><dl class='gallery-item'>\n\t\t\t<dt class='gallery-icon landscape'>\n\t\t\t\t<a title=\"ZAJ\u0118CIA HIPOTERAPII\" href='https:\/\/www.sosw.elblag.com.pl\/index.php\/osrodek\/oferta-ksztalcenia\/zajecia-rewalidacyjne\/hipo1\/'><img loading=\"lazy\" decoding=\"async\" width=\"200\" height=\"200\" src=\"https:\/\/www.sosw.elblag.com.pl\/wp-content\/uploads\/2015\/08\/hipo1-200x200.jpg\" class=\"attachment-thumbnail size-thumbnail\" alt=\"ZAJ\u0118CIA HIPOTERAPII\" \/><\/a>\n\t\t\t<\/dt><\/dl><dl class='gallery-item'>\n\t\t\t<dt class='gallery-icon landscape'>\n\t\t\t\t<a title=\"ZAJ\u0118CIA HIPOTERAPII\" href='https:\/\/www.sosw.elblag.com.pl\/index.php\/osrodek\/oferta-ksztalcenia\/zajecia-rewalidacyjne\/hipo2\/'><img loading=\"lazy\" decoding=\"async\" width=\"200\" height=\"200\" src=\"https:\/\/www.sosw.elblag.com.pl\/wp-content\/uploads\/2015\/08\/Hipo2-200x200.jpg\" class=\"attachment-thumbnail size-thumbnail\" alt=\"ZAJ\u0118CIA HIPOTERAPII\" \/><\/a>\n\t\t\t<\/dt><\/dl><dl class='gallery-item'>\n\t\t\t<dt class='gallery-icon landscape'>\n\t\t\t\t<a title=\"ZAJ\u0118CIA HIPOTERAPII\" href='https:\/\/www.sosw.elblag.com.pl\/index.php\/osrodek\/oferta-ksztalcenia\/zajecia-rewalidacyjne\/hipo3\/'><img loading=\"lazy\" decoding=\"async\" width=\"200\" height=\"200\" src=\"https:\/\/www.sosw.elblag.com.pl\/wp-content\/uploads\/2015\/08\/Hipo3-200x200.jpg\" class=\"attachment-thumbnail size-thumbnail\" alt=\"ZAJ\u0118CIA HIPOTERAPII\" \/><\/a>\n\t\t\t<\/dt><\/dl><br style=\"clear: both\" \/>\n\t\t<\/div>\n\n<hr \/>\n<p style=\"text-align: center;\"><strong><span style=\"color: #000000;\">ZAJ\u0118CIA KYNOTERAPII (DOGOTERAPIA)<\/span><\/strong><\/p>\n<p style=\"text-align: justify;\">Kynoterapia ma tak\u017ce kilkuletni\u0105 tradycj\u0119 w naszej szkole. Obecnie psimi terapeutami s\u0105 2 suczki \u2013 Sabi (Sabrina Sparta\u0144ska Osada &#8211; Berne\u0144ski Pies Pasterski) oraz Negra (Nayla Red Pond FCI &#8211; Labrador Retriever ). Zaj\u0119ciami obj\u0119te jest 5 klas oraz wszyscy podopieczni Domu Pomocy Spo\u0142ecznej przy ul. Kasprzaka w Elbl\u0105gu. Staramy si\u0119, aby z roku na rok zwi\u0119ksza\u0107 liczb\u0119 godzin zaj\u0119\u0107\u00a0 ze zwierz\u0119tami, tak aby obj\u0105\u0107 nimi coraz wi\u0119ksz\u0105 grup\u0119 dzieci.<\/p>\n\n\t\t<style type=\"text\/css\">\n\t\t\t#gallery-8 {\n\t\t\t\tmargin: auto;\n\t\t\t}\n\t\t\t#gallery-8 .gallery-item {\n\t\t\t\tfloat: left;\n\t\t\t\tmargin-top: 10px;\n\t\t\t\ttext-align: center;\n\t\t\t\twidth: 33%;\n\t\t\t}\n\t\t\t#gallery-8 img {\n\t\t\t\tborder: 2px solid #cfcfcf;\n\t\t\t}\n\t\t\t#gallery-8 .gallery-caption {\n\t\t\t\tmargin-left: 0;\n\t\t\t}\n\t\t\t\/* see gallery_shortcode() in wp-includes\/media.php *\/\n\t\t<\/style>\n\t\t<div id='gallery-8' class='gallery galleryid-298 gallery-columns-3 gallery-size-thumbnail'><dl class='gallery-item'>\n\t\t\t<dt class='gallery-icon landscape'>\n\t\t\t\t<a title=\"ZAJ\u0118CIA KYNOTERAPII (DOGOTERAPIA)\" href='https:\/\/www.sosw.elblag.com.pl\/index.php\/osrodek\/oferta-ksztalcenia\/zajecia-rewalidacyjne\/kyno3\/'><img loading=\"lazy\" decoding=\"async\" width=\"200\" height=\"200\" src=\"https:\/\/www.sosw.elblag.com.pl\/wp-content\/uploads\/2015\/08\/Kyno3-200x200.jpg\" class=\"attachment-thumbnail size-thumbnail\" alt=\"ZAJ\u0118CIA KYNOTERAPII (DOGOTERAPIA)\" \/><\/a>\n\t\t\t<\/dt><\/dl><dl class='gallery-item'>\n\t\t\t<dt class='gallery-icon landscape'>\n\t\t\t\t<a title=\"ZAJ\u0118CIA KYNOTERAPII (DOGOTERAPIA)\" href='https:\/\/www.sosw.elblag.com.pl\/index.php\/osrodek\/oferta-ksztalcenia\/zajecia-rewalidacyjne\/kyno1\/'><img loading=\"lazy\" decoding=\"async\" width=\"200\" height=\"200\" src=\"https:\/\/www.sosw.elblag.com.pl\/wp-content\/uploads\/2015\/08\/kyno1-200x200.jpg\" class=\"attachment-thumbnail size-thumbnail\" alt=\"ZAJ\u0118CIA KYNOTERAPII (DOGOTERAPIA)\" \/><\/a>\n\t\t\t<\/dt><\/dl><dl class='gallery-item'>\n\t\t\t<dt class='gallery-icon portrait'>\n\t\t\t\t<a title=\"ZAJ\u0118CIA KYNOTERAPII (DOGOTERAPIA)\" href='https:\/\/www.sosw.elblag.com.pl\/index.php\/osrodek\/oferta-ksztalcenia\/zajecia-rewalidacyjne\/kyno2\/'><img loading=\"lazy\" decoding=\"async\" width=\"200\" height=\"200\" src=\"https:\/\/www.sosw.elblag.com.pl\/wp-content\/uploads\/2015\/08\/Kyno2-200x200.jpg\" class=\"attachment-thumbnail size-thumbnail\" alt=\"ZAJ\u0118CIA KYNOTERAPII (DOGOTERAPIA)\" \/><\/a>\n\t\t\t<\/dt><\/dl><br style=\"clear: both\" \/>\n\t\t<\/div>\n\n<p style=\"text-align: justify;\"><span style=\"color: #000000;\">Zaj\u0119cia kynoterapii prowadzone s\u0105 wed\u0142ug standard\u00f3w Polskiego Towarzystwa Kynoterapeutycznego<\/span><\/p>\n<hr \/>\n<p style=\"text-align: center;\" align=\"justify\"><span style=\"color: #000000;\"><strong>ZAJ\u0118CIA Z P\u0141YWANIA<\/strong><\/span><\/p>\n<p align=\"justify\"><span style=\"color: #000000;\">Odbywaj\u0105 si\u0119 na p\u0142ywalni MOSiR-u w Elbl\u0105gu przy ulicy Robotniczej. Prowadzone s\u0105 przez instruktor\u00f3w p\u0142ywania i nauczycieli wychowania fizycznego naszego O\u015brodka. P\u0142ywaniem obj\u0119tych jest szesnastu uczni\u00f3w z klasy VI szko\u0142y podstawowej, 11 uczni\u00f3w z klasy II gimnazjum zespo\u0142u edukacyjno-terapeutycznego oraz 9 uczni\u00f3w z klasy V zespo\u0142u edukacyjno- terapeutycznego. <\/span><\/p>\n<hr \/>\n<p align=\"center\"><span style=\"color: #000000;\"><strong>ZAJ\u0118CIA REWALIDACYJNE Z WYKORZYSTANIEM TECHNIKI KOMPUTEROWEJ<\/strong><br \/>\n<\/span><\/p>\n<p align=\"justify\"><span style=\"color: #000000;\"><b><\/b> Zaj\u0119cia odbywaj\u0105 si\u0119 w pracowni komputerowej naszego O\u015brodka. S\u0105 nimi obj\u0119ci uczniowie z zespo\u0142\u00f3w edukacyjno-terapeutycznych. Prowadzone s\u0105 w grupach 2-3 osobowych.<\/span><\/p>\n<hr \/>\n<p style=\"text-align: justify;\"><span style=\"color: #000000;\">W naszym o\u015brodku odbywaj si\u0119 tak\u017ce zaj\u0119cia ruchu rozwijaj\u0105cego Weroniki Sherbourne.<\/span><\/p>\n","protected":false},"excerpt":{"rendered":"<p>INTEGRACJA SENSORYCZNA Zaburzenia przetwarzania sensorycznego to brak umiej\u0119tno\u015bci wykorzystywania informacji otrzymywanych przez zmys\u0142y w celu p\u0142ynnego, codziennego funkcjonowania. Zaburzenia przetwarzania sensorycznego obejmuj\u0105 <a class=\"more-link\" href=\"https:\/\/www.sosw.elblag.com.pl\/index.php\/osrodek\/oferta-ksztalcenia\/zajecia-rewalidacyjne\/\">Czytaj dalej&#8230;<\/a><\/p>\n","protected":false},"author":1,"featured_media":0,"parent":186,"menu_order":2,"comment_status":"closed","ping_status":"closed","template":"","meta":{"footnotes":""},"class_list":["post-298","page","type-page","status-publish","hentry"],"_links":{"self":[{"href":"https:\/\/www.sosw.elblag.com.pl\/index.php\/wp-json\/wp\/v2\/pages\/298","targetHints":{"allow":["GET"]}}],"collection":[{"href":"https:\/\/www.sosw.elblag.com.pl\/index.php\/wp-json\/wp\/v2\/pages"}],"about":[{"href":"https:\/\/www.sosw.elblag.com.pl\/index.php\/wp-json\/wp\/v2\/types\/page"}],"author":[{"embeddable":true,"href":"https:\/\/www.sosw.elblag.com.pl\/index.php\/wp-json\/wp\/v2\/users\/1"}],"replies":[{"embeddable":true,"href":"https:\/\/www.sosw.elblag.com.pl\/index.php\/wp-json\/wp\/v2\/comments?post=298"}],"version-history":[{"count":16,"href":"https:\/\/www.sosw.elblag.com.pl\/index.php\/wp-json\/wp\/v2\/pages\/298\/revisions"}],"predecessor-version":[{"id":56058,"href":"https:\/\/www.sosw.elblag.com.pl\/index.php\/wp-json\/wp\/v2\/pages\/298\/revisions\/56058"}],"up":[{"embeddable":true,"href":"https:\/\/www.sosw.elblag.com.pl\/index.php\/wp-json\/wp\/v2\/pages\/186"}],"wp:attachment":[{"href":"https:\/\/www.sosw.elblag.com.pl\/index.php\/wp-json\/wp\/v2\/media?parent=298"}],"curies":[{"name":"wp","href":"https:\/\/api.w.org\/{rel}","templated":true}]}}