{"id":207,"date":"2015-08-28T00:22:20","date_gmt":"2015-08-27T22:22:20","guid":{"rendered":"http:\/\/www.sosw.elblag.com.pl\/wordpress\/?page_id=207"},"modified":"2024-09-26T10:42:37","modified_gmt":"2024-09-26T08:42:37","slug":"centrum-wczesnego-wspomagania-rozwoju-dziecka","status":"publish","type":"page","link":"https:\/\/www.sosw.elblag.com.pl\/index.php\/struktura-osrodka\/centra-terapeutyczne\/centrum-wczesnego-wspomagania-rozwoju-dziecka\/","title":{"rendered":"Centrum Wczesnego Wspomagania Rozwoju Dziecka"},"content":{"rendered":"<p><strong>Do pobrania<\/strong><\/p>\n<ul>\n<li><span style=\"color: #993300;\"><a style=\"color: #993300;\" href=\"https:\/\/www.sosw.elblag.com.pl\/wp-content\/uploads\/2022\/09\/Wniosek-o-przyjecie-do-Centrum-Wczesnego-Wspomagania-Rozwoju-Dziecka.docx\">Wniosek o przyj\u0119cie do Centrum Wczesnego Wspomagania Rozwoju Dziecka<\/a><\/span><\/li>\n<\/ul>\n<hr \/>\n<p style=\"text-align: justify;\">Nasze Centrum Wczesnego Wspomagania Rozwoju Dziecka dzia\u0142a od wrze\u015bnia 2011 r. Obecnie obejmuje opiek\u0105 jedena\u015bcioro dzieci w wieku od niespe\u0142na drugiego do si\u00f3dmego roku \u017cycia oraz ich rodzic\u00f3w. Dwoje dzieci korzysta z zaj\u0119\u0107 stymuluj\u0105cych rozw\u00f3j poznawczy i przygotowuj\u0105cych do podj\u0119cia nauki szkolnej. Uruchamiamy zaj\u0119cia w kilka dni od z\u0142o\u017cenia dokumentacji.<\/p>\n<p><u>Specyfika dzia\u0142ania<\/u><\/p>\n<p>Wczesne wspomaganie to wielospecjalistyczne, kompleksowe, regularne i intensywne dzia\u0142ania na rzecz rozwoju dziecka w wymiarze motorycznym, poznawczym, emocjonalnym i spo\u0142ecznym.<\/p>\n<p>Celem wspomagania jest:<\/p>\n<ol>\n<li>Pobudzenie rozwoju psychoruchowego i spo\u0142ecznego oraz umiej\u0119tno\u015bci komunikacyjnych dziecka<\/li>\n<li>Zapobieganie powstawaniu lub pog\u0142\u0119bianiu si\u0119 trudno\u015bci w rozwoju i niepe\u0142nosprawno\u015bci<\/li>\n<li>Wsparcie rodziny w sytuacji trudno\u015bci rozwojowych dziecka<\/li>\n<\/ol>\n<hr \/>\n<p><u>Prowadzimy zaj\u0119cia specjalistyczne w zakresie:<\/u><\/p>\n<ol>\n<li>Logopedii i rozwoju mowy\/AAC<\/li>\n<li>Integracji sensorycznej<\/li>\n<li>Gimnastyki korekcyjnej<\/li>\n<li>Rehabilitacji ruchowej<\/li>\n<li>Stymulacji polisensorycznej<\/li>\n<li>Innych form wspomagania rozwoju odpowiednio do potrzeb dziecka<\/li>\n<\/ol>\n<p><strong>Zapewniamy opiek\u0119 fachowej kadry pedagog\u00f3w i terapeut\u00f3w.<\/strong><br \/>\n<strong>Dysponujemy specjalistycznym sprz\u0119tem i urz\u0105dzeniami do terapii.<\/strong><\/p>\n<p>&nbsp;<\/p>\n<p align=\"left\">\n","protected":false},"excerpt":{"rendered":"<p>Do pobrania Wniosek o przyj\u0119cie do Centrum Wczesnego Wspomagania Rozwoju Dziecka Nasze Centrum Wczesnego Wspomagania Rozwoju Dziecka dzia\u0142a od wrze\u015bnia 2011 r. <a class=\"more-link\" href=\"https:\/\/www.sosw.elblag.com.pl\/index.php\/struktura-osrodka\/centra-terapeutyczne\/centrum-wczesnego-wspomagania-rozwoju-dziecka\/\">Czytaj dalej&#8230;<\/a><\/p>\n","protected":false},"author":1,"featured_media":265,"parent":198,"menu_order":1,"comment_status":"closed","ping_status":"closed","template":"","meta":{"footnotes":""},"class_list":["post-207","page","type-page","status-publish","has-post-thumbnail","hentry"],"_links":{"self":[{"href":"https:\/\/www.sosw.elblag.com.pl\/index.php\/wp-json\/wp\/v2\/pages\/207","targetHints":{"allow":["GET"]}}],"collection":[{"href":"https:\/\/www.sosw.elblag.com.pl\/index.php\/wp-json\/wp\/v2\/pages"}],"about":[{"href":"https:\/\/www.sosw.elblag.com.pl\/index.php\/wp-json\/wp\/v2\/types\/page"}],"author":[{"embeddable":true,"href":"https:\/\/www.sosw.elblag.com.pl\/index.php\/wp-json\/wp\/v2\/users\/1"}],"replies":[{"embeddable":true,"href":"https:\/\/www.sosw.elblag.com.pl\/index.php\/wp-json\/wp\/v2\/comments?post=207"}],"version-history":[{"count":5,"href":"https:\/\/www.sosw.elblag.com.pl\/index.php\/wp-json\/wp\/v2\/pages\/207\/revisions"}],"predecessor-version":[{"id":53857,"href":"https:\/\/www.sosw.elblag.com.pl\/index.php\/wp-json\/wp\/v2\/pages\/207\/revisions\/53857"}],"up":[{"embeddable":true,"href":"https:\/\/www.sosw.elblag.com.pl\/index.php\/wp-json\/wp\/v2\/pages\/198"}],"wp:featuredmedia":[{"embeddable":true,"href":"https:\/\/www.sosw.elblag.com.pl\/index.php\/wp-json\/"}],"wp:attachment":[{"href":"https:\/\/www.sosw.elblag.com.pl\/index.php\/wp-json\/wp\/v2\/media?parent=207"}],"curies":[{"name":"wp","href":"https:\/\/api.w.org\/{rel}","templated":true}]}}